{"id":7,"date":"2014-11-16T13:13:12","date_gmt":"2014-11-16T12:13:12","guid":{"rendered":"http:\/\/www.prochoix.org\/wordpress\/?page_id=7"},"modified":"2016-01-30T10:51:19","modified_gmt":"2016-01-30T09:51:19","slug":"presentation-de-la-revue","status":"publish","type":"page","link":"https:\/\/prochoix.org\/?page_id=7","title":{"rendered":"La Revue"},"content":{"rendered":"<p class=\"post-title\">La revue ProChoix est \u00e9dit\u00e9e par une association d&rsquo;investigation, de r\u00e9flexion et d&rsquo;information r\u00e9unissant des chercheurs, des journalistes et des citoyens dans le but de publier des analyses au service de la d\u00e9fense des libert\u00e9s individuelles menac\u00e9es par l&rsquo;essentialisme, le racisme, l&rsquo;int\u00e9grisme et toute id\u00e9ologie totalitaire ou anti-choix.<\/p>\n<h2>\u00a0Sommaires<\/h2>\n<p><a href=\"http:\/\/www.prochoix.org\/wordpress\/wp-content\/uploads\/2015\/10\/Capture-d\u2019\u00e9cran-2015-10-16-\u00e0-13.03.521.png\"><img loading=\"lazy\" decoding=\"async\" class=\"alignnone size-medium wp-image-538\" src=\"http:\/\/www.prochoix.org\/wordpress\/wp-content\/uploads\/2015\/10\/Capture-d\u2019\u00e9cran-2015-10-16-\u00e0-13.03.521-208x300.png\" alt=\"Capture d\u2019\u00e9cran 2015-10-16 \u00e0 13.03.52\" width=\"208\" height=\"300\" srcset=\"https:\/\/prochoix.org\/wp-content\/uploads\/2015\/10\/Capture-d\u2019\u00e9cran-2015-10-16-\u00e0-13.03.521-208x300.png 208w, https:\/\/prochoix.org\/wp-content\/uploads\/2015\/10\/Capture-d\u2019\u00e9cran-2015-10-16-\u00e0-13.03.521-709x1024.png 709w, https:\/\/prochoix.org\/wp-content\/uploads\/2015\/10\/Capture-d\u2019\u00e9cran-2015-10-16-\u00e0-13.03.521.png 952w\" sizes=\"(max-width: 208px) 100vw, 208px\" \/><\/a><\/p>\n<p><strong>PROCHOIX\u00a0n\u00b065<\/strong> (\u00e9t\u00e9 2015) : Terrorisme raciste aux Etats-Unis &#8211; Esprit du 11 janvier &#8211; Mariage pour tous &#8211; Les alli\u00e9s de Poutine. L<a href=\"http:\/\/www.prochoix.org\/wordpress\/?p=534\">ire le sommaire<\/a><\/p>\n<p class=\"entry-title\"><a href=\"http:\/\/www.prochoix.org\/wordpress\/wp-content\/uploads\/2014\/11\/Capture-d\u2019\u00e9cran-2015-02-22-\u00e0-11.54.49-188x300.png\"><img loading=\"lazy\" decoding=\"async\" class=\"alignnone size-medium wp-image-549\" src=\"http:\/\/www.prochoix.org\/wordpress\/wp-content\/uploads\/2014\/11\/Capture-d\u2019\u00e9cran-2015-02-22-\u00e0-11.54.49-188x300-188x300.png\" alt=\"Capture-d\u2019\u00e9cran-2015-02-22-\u00e0-11.54.49-188x300\" width=\"188\" height=\"300\" \/><\/a><\/p>\n<p class=\"entry-title\"><strong>PROCHOIX\u00a0n\u00b0 64 (janvier 2015)<\/strong> : NOTRE DROIT AU BLASPH\u00c8ME EST SACR\u00c9 &#8211; Ils ne sont pas Charlie. <a href=\"http:\/\/www.prochoix.org\/wordpress\/?p=372\">Lire le sommaire<\/a><\/p>\n<p><img loading=\"lazy\" decoding=\"async\" class=\"\" src=\"http:\/\/www.prochoix.org\/cgi\/blog\/images\/couvertures_prochoix_mini\/caroline_fourest_fiammetta_venner_prochoix_n63_mini.png\" alt=\"\" width=\"131\" height=\"198\" align=\"baseline\" \/><\/p>\n<div class=\"post-content\">\n<div class=\"list\">\n<div class=\"list\">\n<p id=\"p1062\" class=\"list-title\"><strong>PROCHOIX\u00a0n\u00b063<\/strong> &#8211; octobre 2014 2014 &#8211; Les vassaux de Poutine &#8211; MLF\u00a0<span class=\"list-suite\"><a href=\"http:\/\/www.prochoix.org\/cgi\/blog\/index.php\/2014\/10\/16\/2475-prochoix-n63-les-vassaux-de-poutine-mlf-le-detournement\">lire la suite<\/a><\/span><\/p>\n<\/div>\n<div class=\"list\">\n<p class=\"day-date\"><img loading=\"lazy\" decoding=\"async\" class=\"\" src=\"http:\/\/www.prochoix.org\/cgi\/blog\/images\/couvertures_prochoix_mini\/caroline_fourest_fiammetta_venner_prochoix_n62_mini.png\" alt=\"\" width=\"113\" height=\"174\" align=\"baseline\" \/><\/p>\n<p id=\"p1062\" class=\"list-title\"><strong>PROCHOIX\u00a0n\u00b062<\/strong> &#8211; juin 2014 &#8211; Les ABCD de l&rsquo;\u00e9galit\u00e9 &#8211; la\u00efcit\u00e9 et intervention social &#8211; Farida Belghoul &#8211;\u00a0<span class=\"list-suite\"><a href=\"http:\/\/www.prochoix.org\/cgi\/blog\/index.php\/2014\/07\/03\/2471-prochoix-n62-juin-2014-les-abcd-de-l-egalite\">lire la suite<\/a><\/span><\/p>\n<\/div>\n<div class=\"list\">\n<p class=\"day-date\"><img loading=\"lazy\" decoding=\"async\" class=\"\" src=\"http:\/\/www.prochoix.org\/cgi\/blog\/images\/couvertures_prochoix_mini\/caroline_fourest_fiammetta_venner_prochoix_n61_mini.png\" alt=\"\" width=\"119\" height=\"179\" align=\"baseline\" \/><\/p>\n<p id=\"p1062\" class=\"list-title\"><strong>PROCHOIX n\u00b061<\/strong> \u00a0(mars 2014) : La\u00efcit\u00e9 au Qu\u00e9bec &#8211; Extr\u00eame droite et imp\u00e9rialisme Russe &#8211; Eurasisme &#8211;\u00a0<span class=\"list-suite\"><a href=\"http:\/\/www.prochoix.org\/cgi\/blog\/index.php\/2014\/03\/28\/2451-prochoix-n61-laicite-au-quebec-extreme-droite-et-imperialisme-russe-eurasisme-mars-2014\">lire la suite<\/a><\/span><\/p>\n<\/div>\n<\/div>\n<div class=\"list\">\n<p class=\"day-date\"><img loading=\"lazy\" decoding=\"async\" class=\"\" src=\"http:\/\/www.prochoix.org\/cgi\/blog\/images\/couvertures_prochoix_mini\/caroline_fourest_fiammetta_venner_prochoix_n60_mini.png\" alt=\"\" width=\"125\" height=\"197\" align=\"baseline\" \/><\/p>\n<p id=\"p1062\" class=\"list-title\"><strong>PROCHOIX n\u00b0 60<\/strong>\u00a0(D\u00e9cembre 2013) La circoncision une mutilation ? &#8211; Enjeux de l&rsquo;antiracisme )\u00a0<span class=\"list-suite\"><a href=\"http:\/\/www.prochoix.org\/cgi\/blog\/index.php\/2013\/12\/01\/2459-prochoix-n-60-decembre-2013\">lire la suite<\/a><\/span><\/p>\n<\/div>\n<div class=\"list\">\n<p class=\"day-date\"><img loading=\"lazy\" decoding=\"async\" class=\"\" src=\"http:\/\/www.prochoix.org\/cgi\/blog\/images\/couvertures_prochoix_mini\/caroline_fourest_fiammetta_venner_prochoix_n59_mini.png\" alt=\"\" width=\"125\" height=\"186\" align=\"baseline\" \/><\/p>\n<p id=\"p1062\" class=\"list-title\"><strong>PROCHOIX n\u00b0 59<\/strong>\u00a0(Septembre 2013) : GPA-PMA : ouvrons le d\u00e9bat \u00a0&#8211; \u00ab\u00a0Th\u00e9ories\u00a0\u00bb du genre &#8211;\u00a0<span class=\"list-suite\"><a href=\"http:\/\/www.prochoix.org\/cgi\/blog\/index.php\/2013\/09\/01\/2460-prochoix-n-59-septembre-2013-gpa-pma-ouvrons-le-debat\">lire la suite<\/a><\/span><\/p>\n<\/div>\n<div class=\"list\">\n<p class=\"day-date\"><img loading=\"lazy\" decoding=\"async\" class=\"\" src=\"http:\/\/www.prochoix.org\/cgi\/blog\/images\/couvertures_prochoix_mini\/caroline_fourest_fiammetta_venner_prochoix_n58_mini.png\" alt=\"\" width=\"127\" height=\"198\" align=\"baseline\" \/><\/p>\n<p id=\"p1062\" class=\"list-title\"><strong>PROCHOIX n\u00b0 58<\/strong>\u00a0(Juin 2013) : Lib\u00e9rez Amina &#8211; Femen en Tunisie &#8211; Le printemps de l&rsquo;extr\u00eame droite \u00a0&#8211; \u00a0<span class=\"list-suite\"><a href=\"http:\/\/www.prochoix.org\/cgi\/blog\/index.php\/2013\/06\/21\/2461-prochoix-n-58-juin-2013-liberez-amina\">lire la suite<\/a><\/span><\/p>\n<\/div>\n<div class=\"list\">\n<p class=\"day-date\"><img loading=\"lazy\" decoding=\"async\" class=\"\" src=\"http:\/\/www.prochoix.org\/cgi\/blog\/images\/couvertures_prochoix_mini\/caroline_fourest_fiammetta_venner_prochoix_n57_mini.png\" alt=\"\" width=\"118\" height=\"178\" align=\"baseline\" \/><\/p>\n<p id=\"p1062\" class=\"list-title\"><strong>PROCHOIX n\u00b0 57<\/strong>\u00a0(Avril 2013) : Les opposants au mariage pour tous &#8211; Indig\u00e8nes d ela R\u00e9publique &#8211; \u00a0<span class=\"list-suite\"><a href=\"http:\/\/www.prochoix.org\/cgi\/blog\/index.php\/2013\/04\/21\/2462-prochoix-n-57-avril-2013-l-opposition-au-mariage-pour-tous\">lire la suite<\/a><\/span><\/p>\n<\/div>\n<div class=\"list\">\n<p class=\"day-date\"><img loading=\"lazy\" decoding=\"async\" class=\"\" src=\"http:\/\/www.prochoix.org\/cgi\/blog\/images\/couvertures_prochoix_mini\/caroline_fourest_fiammetta_venner_prochoix_n56_mini.png\" alt=\"\" width=\"128\" height=\"210\" align=\"baseline\" \/><\/p>\n<p id=\"p1062\" class=\"list-title\"><strong>PROCHOIX n\u00b0 56<\/strong>\u00a0(Avril 2012) : Constitutionnaliser la loi de 1905 &#8211; \u00a0<span class=\"list-suite\"><a href=\"http:\/\/www.prochoix.org\/cgi\/blog\/index.php\/2012\/04\/21\/2463-prochoix-n-56-avril-2012-constitutionnaliser-la-loi-de-1905\">lire la suite<\/a><\/span><\/p>\n<\/div>\n<div class=\"list\">\n<p class=\"day-date\"><img loading=\"lazy\" decoding=\"async\" class=\"\" src=\"http:\/\/www.prochoix.org\/cgi\/blog\/images\/couvertures_prochoix_mini\/caroline_fourest_fiammetta_venner_prochoix_n55_mini.png\" alt=\"\" width=\"115\" height=\"171\" align=\"baseline\" \/><\/p>\n<p id=\"p1062\" class=\"list-title\"><strong>PROCHOIX n\u00b055<\/strong> (Novembre 2011) Le printemps arabe c\u2019est fini ? &#8211; Requiem pour l\u2019\u00e9cole &#8211;\u00a0<span class=\"list-suite\"><a href=\"http:\/\/www.prochoix.org\/cgi\/blog\/index.php\/2011\/11\/10\/2346-prochoix-n-55-novembre-2011-le-printemps-arabe-cest-fini-requiem-pour-lecole\">lire la suite<\/a><\/span><\/p>\n<\/div>\n<div class=\"list\">\n<p class=\"day-date\"><img loading=\"lazy\" decoding=\"async\" class=\"\" src=\"http:\/\/www.prochoix.org\/cgi\/blog\/images\/couvertures_prochoix_mini\/prochoix54mini.png\" alt=\"\" width=\"111\" height=\"173\" align=\"baseline\" \/><\/p>\n<p id=\"p1062\" class=\"list-title\"><strong>PROCHOIX n\u00b054<\/strong> (Janvier 2011) : Alliances extr\u00eames contre l'\u00a0\u00bbislamisation\u00a0\u00bb &#8211;\u00a0<span class=\"list-suite\"><a href=\"http:\/\/www.prochoix.org\/cgi\/blog\/index.php\/2011\/01\/30\/2331-prochoix-n54-alliances-extremes-contre-l-islamisation\">lire la suite<\/a><\/span><\/p>\n<\/div>\n<div class=\"list\">\n<p class=\"day-date\"><img loading=\"lazy\" decoding=\"async\" class=\"\" src=\"http:\/\/www.prochoix.org\/cgi\/blog\/images\/couvertures_prochoix_mini\/prochoix53mini.png\" alt=\"\" width=\"100\" height=\"149\" align=\"baseline\" \/><\/p>\n<p id=\"p1062\" class=\"list-title\"><strong>PROCHOIX n\u00b053<\/strong> (Octobre 2010) : Ecole, silence on privatise \u00a0&#8211;\u00a0<span class=\"list-suite\"><a href=\"http:\/\/www.prochoix.org\/cgi\/blog\/index.php\/2010\/10\/26\/2313-prochoix-n53-ecoles-silence-on-privatise\">lire la suite<\/a><\/span><\/p>\n<\/div>\n<div class=\"list\">\n<p class=\"day-date\"><img loading=\"lazy\" decoding=\"async\" class=\"\" src=\"http:\/\/www.prochoix.org\/cgi\/blog\/images\/couvertures_prochoix_mini\/caroline_fourest_fiammetta_venner_prochoix_n52_mini.png\" alt=\"\" width=\"107\" height=\"169\" align=\"baseline\" \/><\/p>\n<p id=\"p1062\" class=\"list-title\"><strong>PROCHOIX n\u00b052<\/strong> (Juillet 2010) : Ap\u00e9ro saucisson : les liaisons dangereuses de Ripostes la\u00efque et du Bloc identitaire, la la\u00efcit\u00e9 au Qu\u00e9bec &#8211; JCall &#8211; \u00a0<span class=\"list-suite\"><a href=\"http:\/\/www.prochoix.org\/cgi\/blog\/index.php\/2010\/07\/03\/2298-prochoix-n52-apero-saucisson-la-laicite-au-quebec\">lire la suite<\/a><\/span><\/p>\n<\/div>\n<div class=\"list\">\n<p class=\"day-date\"><img loading=\"lazy\" decoding=\"async\" class=\"\" src=\"http:\/\/www.prochoix.org\/cgi\/blog\/images\/couvertures_prochoix_mini\/caroline_fourest_fiammetta_venner_prochoix_n50-51_mini.png\" alt=\"\" width=\"106\" height=\"157\" align=\"baseline\" \/><\/p>\n<p id=\"p1062\" class=\"list-title\"><strong>PROCHOIX n\u00b050-51<\/strong> (Avril 2010) Le MLF a 40 ans &#8211; \u00a0<span class=\"list-suite\"><a href=\"http:\/\/www.prochoix.org\/cgi\/blog\/index.php\/2010\/04\/25\/2279-prochoix-n50-le-mlf-a-40-ans\">lire la suite<\/a><\/span><\/p>\n<\/div>\n<div class=\"list\">\n<p class=\"day-date\"><img loading=\"lazy\" decoding=\"async\" class=\"\" src=\"http:\/\/www.prochoix.org\/cgi\/blog\/images\/couvertures_prochoix_mini\/caroline_fourest_fiammetta_venner_prochoix_n49_mini.png\" alt=\"\" width=\"107\" height=\"169\" align=\"baseline\" \/><\/p>\n<p id=\"p1062\" class=\"list-title\"><strong>PROCHOIX n\u00b049<\/strong> (Septembre 2009) Voile int\u00e9gral : le d\u00e9bat &#8211; \u00a0<span class=\"list-suite\"><a href=\"http:\/\/www.prochoix.org\/cgi\/blog\/index.php\/2009\/09\/07\/2262-prochoix-n49-voile-integral-le-debat\">lire la suite<\/a><\/span><\/p>\n<\/div>\n<div class=\"list\">\n<p class=\"day-date\"><img loading=\"lazy\" decoding=\"async\" class=\"\" src=\"http:\/\/www.prochoix.org\/cgi\/blog\/images\/couvertures_prochoix_mini\/prochoix-n48-mini.png\" alt=\"\" width=\"104\" height=\"159\" align=\"baseline\" \/><\/p>\n<p id=\"p1062\" class=\"list-title\"><strong>PROCHOIX n\u00b048<\/strong> (Ete 2009) L&rsquo;\u00e9cole la\u00efque menac\u00e9e \u00a0&#8211; Enqu\u00eate sur Riposte la\u00efque :\u00a0<span class=\"list-suite\"><a href=\"http:\/\/www.prochoix.org\/cgi\/blog\/index.php\/2009\/08\/23\/2208-prochoix-n48-l-ecole-laique-menacee-homoparentalites-iran-riposte-laique\">lire la suite<\/a><\/span><\/p>\n<p class=\"list-title\"><a href=\"http:\/\/www.prochoix.org\/pdf\/Riposte.laique.Brancher.Prochoix.pdf\">T\u00e9l\u00e9chargez le num\u00e9ro<\/a><\/p>\n<\/div>\n<div class=\"list\">\n<p class=\"day-date\"><img loading=\"lazy\" decoding=\"async\" class=\"\" src=\"http:\/\/www.prochoix.org\/cgi\/blog\/images\/couvertures_prochoix_mini\/caroline_fourest_fiammetta_venner_prochoix_n47_mini.png\" alt=\"\" width=\"119\" height=\"177\" align=\"baseline\" \/><\/p>\n<p id=\"p1062\" class=\"list-title\"><strong>PROCHOIX n\u00b047<\/strong> (Printemps 2009) Durban II faut-il boycotter ?\u00a0\u00a0<span class=\"list-suite\"><a href=\"http:\/\/www.prochoix.org\/cgi\/blog\/index.php\/2009\/04\/11\/2158-prochoix-n47-durban-ii-faut-il-boycotter\">lire la suite<\/a><\/span><\/p>\n<\/div>\n<div class=\"list\">\n<p class=\"day-date\"><img loading=\"lazy\" decoding=\"async\" class=\"\" src=\"http:\/\/www.prochoix.org\/cgi\/blog\/images\/couvertures_prochoix_mini\/caroline_fourest_fiammetta_venner_prochoix_n46_mini.png\" alt=\"\" width=\"102\" height=\"154\" align=\"baseline\" \/><\/p>\n<p id=\"p1062\" class=\"list-title\"><strong>PROCHOIX n\u00b046<\/strong> (Hiver 2008) MLF le mythe des origines &#8211; Monique Wittig &#8211; \u00a0<span class=\"list-suite\"><a href=\"http:\/\/www.prochoix.org\/cgi\/blog\/index.php\/2009\/01\/01\/2118-prochoix-n46-\">lire la suite<\/a><\/span><\/p>\n<\/div>\n<div class=\"list\">\n<p class=\"day-date\"><img loading=\"lazy\" decoding=\"async\" class=\"\" src=\"http:\/\/www.prochoix.org\/cgi\/blog\/images\/couvertures_prochoix_mini\/caroline_fourest_fiammetta_venner_prochoix_n45_mini.png\" alt=\"\" width=\"99\" height=\"147\" align=\"baseline\" \/><\/p>\n<p id=\"p1062\" class=\"list-title\"><strong>PROCHOIX n\u00b045<\/strong> (Automne 2008) La\u00efcit\u00e9 positive, religions postives ? &#8211; Opus Dei &#8211;\u00a0<span class=\"list-suite\"><a href=\"http:\/\/www.prochoix.org\/cgi\/blog\/index.php\/2008\/09\/10\/2159-prochoix-n45-laicite-positive-religions-positives-opus-dei\">lire la suite<\/a><\/span><\/p>\n<\/div>\n<div class=\"list\">\n<p class=\"day-date\"><img loading=\"lazy\" decoding=\"async\" class=\"\" src=\"http:\/\/www.prochoix.org\/cgi\/blog\/images\/couvertures_prochoix_mini\/caroline_fourest_fiammetta_venner_prochoix_n44_mini.png\" alt=\"\" width=\"104\" height=\"160\" align=\"baseline\" \/><\/p>\n<p id=\"p1062\" class=\"list-title\"><strong>PROCHOIX n\u00b044<\/strong> (Et\u00e9 2008) Affaire de Lille &#8211; Durban II &#8211; Fitna &#8211;\u00a0<span class=\"list-suite\"><a href=\"http:\/\/www.prochoix.org\/cgi\/blog\/index.php\/2008\/07\/13\/2048-prochoix-n44-ete-2008\">lire la suite<\/a><\/span><\/p>\n<\/div>\n<div class=\"list\">\n<p class=\"day-date\"><img loading=\"lazy\" decoding=\"async\" class=\"\" src=\"http:\/\/www.prochoix.org\/cgi\/blog\/images\/couvertures_prochoix_mini\/caroline_fourest_fiammetta_venner_prochoix_n43_mini.jpg\" alt=\"\" width=\"128\" height=\"184\" align=\"baseline\" \/><\/p>\n<p id=\"p1062\" class=\"list-title\"><strong>PROCHOIX n\u00b043<\/strong> (Printemps 2008) Fin de vie &#8211; Certifi\u00e9es vierges &#8211; Paroles de Sans papi\u00e8res &#8211; Droit \u00e0 l&rsquo;IVG &#8211; Identit\u00e9 confessionnelle\u00a0\u00a0<span class=\"list-suite\"><a href=\"http:\/\/www.prochoix.org\/cgi\/blog\/index.php\/2008\/04\/15\/1984-prochoix-n43-printemps-2008-fin-de-vie-certifiees-vierges-sans-papiers-droit-a-l-ivg-identite-confessionnelle\">lire la suite<\/a><\/span><\/p>\n<\/div>\n<div class=\"list\">\n<p class=\"day-date\"><img loading=\"lazy\" decoding=\"async\" class=\"\" src=\"http:\/\/www.prochoix.org\/cgi\/blog\/images\/couvertures_prochoix_mini\/caroline_fourest_fiammetta_venner_prochoix_n42_mini.jpg\" alt=\"\" width=\"136\" height=\"199\" align=\"baseline\" \/><\/p>\n<p id=\"p1062\" class=\"list-title\"><strong>PROCHOIX n\u00b042 (Hiver 2007)<\/strong>\u00a0: Prot\u00e9geons Ayaan Hirsi Ali &#8211; Nicolas Sarkozy ou l\u2019esprit de 1905 en danger &#8211;\u00a0<span class=\"list-suite\"><a href=\"http:\/\/www.prochoix.org\/cgi\/blog\/index.php\/2007\/12\/15\/1985-prochoix-n43-hiver-2007-ayaan-hirsi-ali-sarkozy-et-1905-sans-papiers-droit-a-l-ivg-identite-confessionnelle\">lire la suite<\/a><\/span><\/p>\n<\/div>\n<div class=\"list\">\n<p class=\"day-date\"><img loading=\"lazy\" decoding=\"async\" class=\"\" src=\"http:\/\/www.prochoix.org\/cgi\/blog\/images\/couvertures_prochoix_mini\/caroline_fourest_fiammetta_venner_prochoix_n41_mini.jpg\" alt=\"\" width=\"132\" height=\"197\" align=\"baseline\" \/><\/p>\n<p id=\"p1062\" class=\"list-title\"><strong>PROCHOIX n\u00b041 (Automne 2007)<\/strong> &#8211; La\u00efcit\u00e9 : ne pas se tromper de combat \u00a0&#8211; Affaire des Vosges &#8211; Hugo Chavez &#8211; f\u00e9minisme victimaire &#8211; Pologne &#8211; CRAN &#8211; \u00a0<span class=\"list-suite\"><a href=\"http:\/\/www.prochoix.org\/cgi\/blog\/index.php\/2007\/10\/13\/1777-prochoix-n41-automne-2007-laicite-affaire-des-vosges-hugo-chavez-feminisme-victimaire-pologne-cran\">lire la suite<\/a><\/span><\/p>\n<\/div>\n<div class=\"list\">\n<p class=\"day-date\"><img loading=\"lazy\" decoding=\"async\" class=\"\" src=\"http:\/\/www.prochoix.org\/cgi\/blog\/images\/couvertures_prochoix_mini\/caroline_fourest_fiammetta_venner_prochoix_n40_mini.jpg\" alt=\"\" width=\"112\" height=\"158\" align=\"baseline\" \/><\/p>\n<p id=\"p1062\" class=\"list-title\"><strong>PROCHOIX n\u00b040 (Printemps 2007)<\/strong> &#8211; Vote et religion, le pari r\u00e9ussi ? &#8211; La diabolisation n\u00e9cessaire de Sarkozy &#8211; Darfour &#8211; Christine Boutin &#8211; Raymond Barre &#8211; Moscow Pride \u00a0&#8211;\u00a0<span class=\"list-suite\"><a href=\"http:\/\/www.prochoix.org\/cgi\/blog\/index.php\/2007\/06\/24\/1741-prochoix-n40-printemps-2007-la-diabolisation-de-sarkozy-darfour-raymond-barre-moscow-pride\">lire la suite<\/a><\/span><\/p>\n<\/div>\n<div class=\"list\">\n<p class=\"day-date\"><img loading=\"lazy\" decoding=\"async\" class=\"\" src=\"http:\/\/www.prochoix.org\/cgi\/blog\/images\/couvertures_prochoix_mini\/caroline_fourest_fiammetta_venner_prochoix_n39_mini.png\" alt=\"\" width=\"131\" height=\"201\" align=\"baseline\" \/><\/p>\n<p id=\"p1062\" class=\"list-title\"><strong>PROCHOIX n\u00b039<\/strong> (Hiver 2006) &#8211; Le proc\u00e8s de Charlie Hebdo &#8211; Les sondages ethniques &#8211; Les jeunes vus par le Front national &#8211; Decryptage de France \u00e9chos &#8211; \u00a0<span class=\"list-suite\"><a href=\"http:\/\/www.prochoix.org\/cgi\/blog\/index.php\/2007\/02\/24\/1209-prochoix-n39-le-proces-de-charlie-hebdo-les-sondages-ethniques-les-jeunes-vus-par-le-front-national-decryptage-de-france-echos-fevrier-2007\">lire la suite<\/a><\/span><\/p>\n<\/div>\n<div class=\"list\">\n<p class=\"day-date\"><img loading=\"lazy\" decoding=\"async\" class=\"\" src=\"http:\/\/www.prochoix.org\/cgi\/blog\/images\/couvertures_prochoix_mini\/caroline_fourest_fiammetta_venner_prochoix_n38_mini.png\" alt=\"\" width=\"124\" height=\"197\" align=\"baseline\" \/><\/p>\n<p id=\"p1062\" class=\"list-title\"><strong>PROCHOIX n\u00b038<\/strong> (Automne 2006) &#8211; Le rapport Machelon d\u00e9crypt\u00e9 &#8211; Croisade de Benoit XVI &#8211; Robert Redeker, le combat confisqu\u00e9 &#8211;\u00a0<span class=\"list-suite\"><a href=\"http:\/\/www.prochoix.org\/cgi\/blog\/index.php\/2006\/11\/01\/1024-prochoix-n38-rapport-machelon-croisade-de-benoit-xvi-robert-redeker-le-combat-confisque-octobre-2006\">lire la suite<\/a><\/span><\/p>\n<\/div>\n<div class=\"list\">\n<p class=\"day-date\"><img loading=\"lazy\" decoding=\"async\" class=\"\" src=\"http:\/\/www.prochoix.org\/cgi\/blog\/images\/couvertures_prochoix_mini\/caroline_fourest_fiammetta_venner_prochoix_n37_mini.png\" alt=\"\" width=\"122\" height=\"191\" align=\"baseline\" \/><\/p>\n<p id=\"p836\" class=\"list-title\"><strong>PROCHOIX n\u00b037<\/strong> (\u00e9t\u00e9 2006) &#8211; Une Pologne la\u00efque ? &#8211; Hommage \u00e0 Odile Dhavernas &#8211; homophobie en Turquie &#8211;\u00a0<span class=\"list-suite\"><a href=\"http:\/\/www.prochoix.org\/cgi\/blog\/index.php\/2006\/07\/30\/836-prochoix-n37-ete-2006-une-pologne-laique-hommage-a-odile-dhavernas\">lire la suite<\/a><\/span><\/p>\n<\/div>\n<div class=\"list\">\n<p class=\"day-date\"><img loading=\"lazy\" decoding=\"async\" class=\"\" src=\"http:\/\/www.prochoix.org\/cgi\/blog\/images\/couvertures_prochoix_mini\/caroline_fourest_fiammetta_venner_prochoix_n36_mini.png\" alt=\"\" width=\"126\" height=\"194\" align=\"baseline\" \/><\/p>\n<p id=\"p564\" class=\"list-title\"><strong>PROCHOIX n\u00b036<\/strong> (Printemps 2006) : Repr\u00e9senter le Proph\u00e8te ? &#8211; Manifeste des Douze : \u00ab\u00a0Ensemble contre le nouveau totalitarisme\u00a0\u00bb &#8211; <span class=\"list-suite\"><a href=\"http:\/\/www.prochoix.org\/cgi\/blog\/index.php\/2006\/04\/03\/564-prochoix-n36-printemps-2006\">lire la suite<\/a><\/span><\/p>\n<\/div>\n<div class=\"list\">\n<p class=\"day-date\"><img loading=\"lazy\" decoding=\"async\" class=\"\" src=\"http:\/\/www.prochoix.org\/cgi\/blog\/images\/couvertures_prochoix_mini\/caroline_fourest_fiammetta_venner_prochoix_n35_mini.png\" alt=\"\" width=\"128\" height=\"190\" align=\"baseline\" \/><\/p>\n<p id=\"p565\" class=\"list-title\"><strong>PROCHOIX n\u00b035<\/strong> (Hiver 2006) : Sciences vs religions &#8211; D\u00e9croissance &#8211; Bareback &#8211; Irak &#8211; <span class=\"list-suite\"><a href=\"http:\/\/www.prochoix.org\/cgi\/blog\/index.php\/2006\/01\/03\/565-prochoix-n35-hiver-2006\">lire la suite<\/a><\/span><\/p>\n<\/div>\n<div class=\"list\">\n<p class=\"day-date\"><img loading=\"lazy\" decoding=\"async\" class=\"\" src=\"http:\/\/www.prochoix.org\/cgi\/blog\/images\/couvertures_prochoix_mini\/caroline_fourest_fiammetta_venner_prochoix_n34_mini.png\" alt=\"\" width=\"131\" height=\"200\" align=\"baseline\" \/><\/p>\n<p id=\"p369\" class=\"list-title\"><strong>PROCHOIX N\u00b0 34<\/strong> (automne 2005) : L&rsquo;int\u00e9grisme est-il queer ? &#8211; Paroles de jeunes filles voil\u00e9es &#8211; Said Sadi &#8211; <span class=\"list-suite\"><a href=\"http:\/\/www.prochoix.org\/cgi\/blog\/index.php\/2005\/12\/14\/369-prochoix-n-34-automne-2005\">lire la suite<\/a><\/span><\/p>\n<\/div>\n<div class=\"list\">\n<p class=\"day-date\"><img loading=\"lazy\" decoding=\"async\" class=\"\" src=\"http:\/\/www.prochoix.org\/cgi\/blog\/images\/couvertures_prochoix_mini\/caroline_fourest_fiammetta_venner_prochoix_n33_mini.png\" alt=\"\" width=\"135\" height=\"197\" align=\"baseline\" \/><\/p>\n<p id=\"p340\" class=\"list-title\"><strong>PROCHOIX N\u00b0 33<\/strong> (\u00e9t\u00e9 2005) : IVG 30 ans apr\u00e8s &#8211; Darfour &#8211; Ayaan Hirsi Ali &#8211; Bilan de Jean-Paul II &#8211; <span class=\"list-suite\"><a href=\"http:\/\/www.prochoix.org\/cgi\/blog\/index.php\/2005\/07\/12\/340-prochoix-n-33-ete-2005\">lire la suite<\/a><\/span><\/p>\n<\/div>\n<div class=\"list\">\n<p class=\"day-date\"><img loading=\"lazy\" decoding=\"async\" class=\"\" src=\"http:\/\/www.prochoix.org\/cgi\/blog\/images\/couvertures_prochoix_mini\/caroline_fourest_fiammetta_venner_prochoix_n32_mini.jpg\" alt=\"\" width=\"136\" height=\"192\" align=\"baseline\" \/><\/p>\n<p id=\"p233\" class=\"list-title\"><strong>PROCHOIX N\u00b032<\/strong> (mars 2005) : F\u00e9minisme, Ann\u00e9e 2005, scission ou clarification ? &#8211; \u00e0 propos du livre \u00ab\u00a0Les f\u00e9ministes et le gar\u00e7on arabe\u00a0\u00bb &#8211; Les centres d&rsquo;accueil provie &#8211; <span class=\"list-suite\"><a href=\"http:\/\/www.prochoix.org\/cgi\/blog\/index.php\/2005\/04\/16\/233-prochoix-n32-mars-2005\">lire la suite<\/a><\/span><\/p>\n<\/div>\n<div class=\"list\">\n<p class=\"day-date\"><img loading=\"lazy\" decoding=\"async\" class=\"\" src=\"http:\/\/www.prochoix.org\/cgi\/blog\/images\/couvertures_prochoix_mini\/caroline_fourest_fiammetta_venner_prochoix_n31_mini.jpg\" alt=\"\" width=\"136\" height=\"201\" align=\"baseline\" \/><\/p>\n<p id=\"p104\" class=\"list-title\"><strong>PROCHOIX N\u00b0 31<\/strong> (Hiver 2004) : Les ath\u00e9es de l&rsquo;islam : \u00ab\u00a0On peut na\u00eetre musulman et choisir d&rsquo;\u00eatre ath\u00e9e\u00a0\u00bb &#8211; <span class=\"list-suite\"><a href=\"http:\/\/www.prochoix.org\/cgi\/blog\/index.php\/2004\/12\/15\/104-prochoix-n-31-hiver-2005\">lire la suite<\/a><\/span><\/p>\n<\/div>\n<div class=\"list\">\n<p class=\"day-date\"><img loading=\"lazy\" decoding=\"async\" class=\"\" src=\"http:\/\/www.prochoix.org\/cgi\/blog\/images\/couvertures_prochoix_mini\/caroline_fourest_fiammetta_venner_prochoix_n30_mini.jpg\" alt=\"\" width=\"141\" height=\"199\" align=\"baseline\" \/><\/p>\n<p id=\"p19\" class=\"list-title\"><strong>PROCHOIX N\u00b0 30<\/strong> (Automne 2004) : Ep\u00eetre \u00e0 Nicolas Sarkozy &#8211; Le Forum social europ\u00e9en pris en otage &#8211; Droit de Mourir dans la dignit\u00e9 &#8211; <span class=\"list-suite\"><a href=\"http:\/\/www.prochoix.org\/cgi\/blog\/index.php\/2004\/11\/01\/19-30-automne-2004\">lire la suite<\/a><\/span><\/p>\n<\/div>\n<div class=\"list\">\n<p class=\"day-date\"><img loading=\"lazy\" decoding=\"async\" class=\"\" src=\"http:\/\/www.prochoix.org\/cgi\/blog\/images\/couvertures_prochoix_mini\/caroline_fourest_fiammetta_venner_prochoix_n29_mini.jpg\" alt=\"\" width=\"140\" height=\"205\" align=\"baseline\" \/><\/p>\n<p id=\"p137\" class=\"list-title\"><strong>PROCHOIX N\u00b0 29<\/strong> (\u00e9t\u00e9 2004) : Politique et\/ou religion &#8211; Corps f\u00e9minin, religion et soci\u00e9t\u00e9 &#8211; Nouvelle islamophobie ou nouvelle imposture &#8211; <span class=\"list-suite\"><a href=\"http:\/\/www.prochoix.org\/cgi\/blog\/index.php\/2004\/06\/12\/137-prochoix-n-29-ete-2004\">lire la suite<\/a><\/span><\/p>\n<\/div>\n<div class=\"list\">\n<p class=\"day-date\"><img loading=\"lazy\" decoding=\"async\" class=\"\" src=\"http:\/\/www.prochoix.org\/cgi\/blog\/images\/couvertures_prochoix_mini\/caroline_fourest_fiammetta_venner_prochoix_n28_mini.jpg\" alt=\"\" width=\"139\" height=\"205\" align=\"baseline\" \/><\/p>\n<p id=\"p31\" class=\"list-title\"><strong>PROCHOIX N\u00b0 28<\/strong> (Printemps 2004) : La\u00efcit\u00e9, antis\u00e9mitisme, islamisme : Que se passe-t-il \u00e0 gauche ? &#8211; La figure de la \u201cfolle\u201d &#8211; Libre choix, temps de travail et retraite &#8211; <span class=\"list-suite\"><a href=\"http:\/\/www.prochoix.org\/cgi\/blog\/index.php\/2004\/05\/06\/31-prochoix-28-printemps-2004\">lire la suite<\/a><\/span><\/p>\n<\/div>\n<div class=\"list\">\n<p class=\"day-date\"><img loading=\"lazy\" decoding=\"async\" class=\"\" src=\"http:\/\/www.prochoix.org\/cgi\/blog\/images\/couvertures_prochoix_mini\/caroline_fourest_fiammetta_venner_prochoix_n26-27_mini.jpg\" alt=\"\" width=\"140\" height=\"198\" align=\"baseline\" \/><\/p>\n<p id=\"p136\" class=\"list-title\"><strong>PROCHOIX N\u00b0 26\/27<\/strong> (automne-hiver 2003) : \u00ab\u00a0Islamophobes ou la\u00efques\u00a0\u00bb ? &#8211; Tariq Ramadan &#8211; Terrorisme \u00ab\u00a0prolife\u00a0\u00bb &#8211; Vatican &#8211; <span class=\"list-suite\"><a href=\"http:\/\/www.prochoix.org\/cgi\/blog\/index.php\/2003\/11\/12\/136-prochoix-n-2627-automne-hiver-2003\">lire la suite<\/a><\/span><\/p>\n<\/div>\n<div class=\"list\">\n<p class=\"day-date\"><img loading=\"lazy\" decoding=\"async\" class=\"\" src=\"http:\/\/www.prochoix.org\/cgi\/blog\/images\/couvertures_prochoix_mini\/caroline_fourest_fiammetta_venner_prochoix_n25_mini.jpg\" alt=\"\" width=\"160\" height=\"238\" align=\"baseline\" \/><\/p>\n<p id=\"p135\" class=\"list-title\"><strong>PROCHOIX N\u00b0 25<\/strong> (\u00e9t\u00e9 2003) : Voile : l&rsquo;\u00e9cole et la la\u00efcit\u00e9 sont-elles en danger ? &#8211; Ni jihad, ni Croisade ! &#8211; Prostitution &#8211; <span class=\"list-suite\"><a href=\"http:\/\/www.prochoix.org\/cgi\/blog\/index.php\/2003\/06\/12\/135-prochoix-n-24-ete-2003\">lire la suite<\/a><\/span><\/p>\n<\/div>\n<div class=\"list\">\n<p class=\"day-date\"><img loading=\"lazy\" decoding=\"async\" class=\"\" src=\"http:\/\/www.prochoix.org\/cgi\/blog\/images\/couvertures_prochoix_mini\/caroline_fourest_fiammetta_venner_prochoix_n24_mini.jpg\" alt=\"\" width=\"162\" height=\"239\" align=\"baseline\" \/><\/p>\n<p id=\"p134\" class=\"list-title\"><strong>PROCHOIX N\u00b0 24<\/strong> (printemps 2003) : Non \u00e0 l&rsquo;am\u00e9rique de Bush, l&rsquo;Europe de Jean-Paul II, la France de Sarkozy &#8211; Prostitution : l\u2019abolitionnisme est-il anti-capitaliste ? &#8211; <span class=\"list-suite\"><a href=\"http:\/\/www.prochoix.org\/cgi\/blog\/index.php\/2003\/03\/12\/134-prochoix-n-24-printemps-2003\">lire la suite<\/a><\/span><\/p>\n<\/div>\n<div class=\"list\">\n<p class=\"day-date\"><img loading=\"lazy\" decoding=\"async\" class=\"\" src=\"http:\/\/www.prochoix.org\/cgi\/blog\/images\/couvertures_prochoix_mini\/caroline_fourest_fiammetta_venner_prochoix_n23_mini.jpg\" alt=\"\" width=\"148\" height=\"226\" align=\"baseline\" \/><\/p>\n<p id=\"p133\" class=\"list-title\"><strong>PROCHOIX N\u00b0 23<\/strong> (hiver 2002) : Les libert\u00e9s publiques en danger aux USA &#8211; Transsexuel-les : le 3e genre ? &#8211; <span class=\"list-suite\"><a href=\"http:\/\/www.prochoix.org\/cgi\/blog\/index.php\/2002\/12\/12\/133-prochoix-n-23-hiver-2002\">lire la suite<\/a><\/span><\/p>\n<\/div>\n<div class=\"list\">\n<p class=\"day-date\"><img loading=\"lazy\" decoding=\"async\" class=\"\" src=\"http:\/\/www.prochoix.org\/cgi\/blog\/images\/couvertures_prochoix_mini\/caroline_fourest_fiammetta_venner_prochoix_n22_mini.jpg\" alt=\"\" width=\"146\" height=\"219\" align=\"baseline\" \/><\/p>\n<p id=\"p132\" class=\"list-title\"><strong>PROCHOIX n\u00b022<\/strong> (automne 2002) : Chirac dissout Unit\u00e9 radicale &#8211; Dix ans de \u201cghetto\u201d &#8211; Le quartier gay dans les hebdomadaires fran\u00e7ais &#8211; <span class=\"list-suite\"><a href=\"http:\/\/www.prochoix.org\/cgi\/blog\/index.php\/2002\/10\/12\/132-prochoix-n22-automne-2002\">lire la suite<\/a><\/span><\/p>\n<\/div>\n<div class=\"list\">\n<p class=\"day-date\"><img loading=\"lazy\" decoding=\"async\" class=\"\" src=\"http:\/\/www.prochoix.org\/cgi\/blog\/images\/couvertures_prochoix_mini\/caroline_fourest_fiammetta_venner_prochoix_n21_mini.jpg\" alt=\"\" width=\"144\" height=\"212\" align=\"baseline\" \/><\/p>\n<p id=\"p131\" class=\"list-title\"><strong>PROCHOIX n\u00b021<\/strong> (\u00e9t\u00e9 2002) : 21 avril, FN &amp; abstention &#8211; Harc\u00e8llement &#8211; Stonewall &amp; gay pride &#8211; Arr\u00eat Perruche &#8211; <span class=\"list-suite\"><a href=\"http:\/\/www.prochoix.org\/cgi\/blog\/index.php\/2002\/06\/12\/131-prochoix-n21-ete-2002\">lire la suite<\/a><\/span><\/p>\n<\/div>\n<div class=\"list\">\n<p class=\"day-date\"><img loading=\"lazy\" decoding=\"async\" class=\"\" src=\"http:\/\/www.prochoix.org\/cgi\/blog\/images\/couvertures_prochoix_mini\/caroline_fourest_fiammetta_venner_prochoix_n20_mini.jpg\" alt=\"\" width=\"143\" height=\"209\" align=\"baseline\" \/><\/p>\n<p id=\"p130\" class=\"list-title\"><strong>PROCHOIX n\u00b0 20<\/strong> (Printemps 2002) : TV r\u00e9alit\u00e9 et minorit\u00e9s &#8211; Monde arabe et USA &#8211; Chev\u00e8nement &#8211; homophobie &#8211; Prostitution &amp; f\u00e9minisme &#8211;\u00a0<span class=\"list-suite\"><a href=\"http:\/\/www.prochoix.org\/cgi\/blog\/index.php\/2002\/03\/12\/130-prochoix-n20-printemps-2002\">lire la suite<\/a><\/span><\/p>\n<\/div>\n<div class=\"list\">\n<p class=\"day-date\"><img loading=\"lazy\" decoding=\"async\" class=\"\" src=\"http:\/\/www.prochoix.org\/cgi\/blog\/images\/couvertures_prochoix_mini\/caroline_fourest_fiammetta_venner_prochoix_n19_mini.jpg\" alt=\"\" width=\"144\" height=\"191\" align=\"baseline\" \/><\/p>\n<p id=\"p111\" class=\"list-title\"><strong>PROCHOIX n\u00b0 19<\/strong> (sept-d\u00e9c 2001) : conf\u00e9rence de Durban &#8211; Anthrax &#8211; Racisme anti-Arabes &#8211; <span class=\"list-suite\"><a href=\"http:\/\/www.prochoix.org\/cgi\/blog\/index.php\/2001\/12\/01\/111-prochoix-n-19-sept-dec-2001\">lire la suite<\/a><\/span><\/p>\n<\/div>\n<div class=\"list\">\n<p class=\"day-date\"><img loading=\"lazy\" decoding=\"async\" class=\"\" src=\"http:\/\/www.prochoix.org\/cgi\/blog\/images\/couvertures_prochoix_mini\/caroline_fourest_fiammetta_venner_prochoix_n18_mini.jpg\" alt=\"\" width=\"142\" height=\"181\" align=\"baseline\" \/><\/p>\n<p id=\"p112\" class=\"list-title\"><strong>PROCHOIX n\u00b0 18<\/strong> (\u00e9t\u00e9 2001) : Medias et censure &#8211; Soeur Innocenta &#8211; <span class=\"list-suite\"><a href=\"http:\/\/www.prochoix.org\/cgi\/blog\/index.php\/2001\/06\/01\/112-prochoix-n-18-ete-2001\">lire la suite<\/a><\/span><\/p>\n<\/div>\n<div class=\"list\">\n<p class=\"day-date\"><img loading=\"lazy\" decoding=\"async\" class=\"\" src=\"http:\/\/www.prochoix.org\/cgi\/blog\/images\/couvertures_prochoix_mini\/caroline_fourest_fiammetta_venner_prochoix_n17_mini.jpg\" alt=\"\" width=\"129\" height=\"169\" align=\"baseline\" \/><\/p>\n<p id=\"p113\" class=\"list-title\"><strong>PROCHOIX N\u00b0 17<\/strong> (mars 2001) : Prostitution &#8211; homoparentalit\u00e9 &#8211; Georges Bush et la droite religieuse &#8211; Nationaux-radicaux &#8211; Euthanasie &#8211; Maires anti-PaCS &#8211; <span class=\"list-suite\"><a href=\"http:\/\/www.prochoix.org\/cgi\/blog\/index.php\/2001\/03\/08\/113-prochoix-n-17-mars-2001\">lire la suite<\/a><\/span><\/p>\n<\/div>\n<div class=\"list\">\n<p class=\"day-date\"><img loading=\"lazy\" decoding=\"async\" class=\"\" src=\"http:\/\/www.prochoix.org\/cgi\/blog\/images\/couvertures_prochoix_mini\/caroline_fourest_fiammetta_venner_prochoix_n16_mini.jpg\" alt=\"\" width=\"150\" height=\"193\" align=\"baseline\" \/><\/p>\n<p id=\"p114\" class=\"list-title\"><strong>PROCHOIX n\u00b0 16<\/strong> (d\u00e9cembre 2000) : R\u00e9forme de l&rsquo;IVG &#8211; Racisme anti-Noirs &#8211; Norlevo &#8211; Relapse &#8211; Regain d&rsquo;antis\u00e9mitisme &#8211; <span class=\"list-suite\"><a href=\"http:\/\/www.prochoix.org\/cgi\/blog\/index.php\/2000\/12\/15\/114-prochoix-n-16-decembre-2000\">lire la suite<\/a><\/span><\/p>\n<\/div>\n<div class=\"list\">\n<p class=\"day-date\"><img loading=\"lazy\" decoding=\"async\" class=\"\" src=\"http:\/\/www.prochoix.org\/cgi\/blog\/images\/couvertures_prochoix_mini\/caroline_fourest_fiammetta_venner_prochoix_n15_mini.jpg\" alt=\"\" width=\"137\" height=\"178\" align=\"baseline\" \/><\/p>\n<p id=\"p115\" class=\"list-title\">PROCHOIX N\u00b015 (octobre 2000) : Survivants : au secours les anti-IVG ont accouch\u00e9! &#8211; <span class=\"list-suite\"><a href=\"http:\/\/www.prochoix.org\/cgi\/blog\/index.php\/2000\/10\/12\/115-prochoix-n15-octobre-2000\">lire la suite<\/a><\/span><\/p>\n<\/div>\n<div class=\"list\">\n<p class=\"day-date\"><img loading=\"lazy\" decoding=\"async\" class=\"\" src=\"http:\/\/www.prochoix.org\/cgi\/blog\/images\/couvertures_prochoix_mini\/caroline_fourest_fiammetta_venner_prochoix_n14_mini.jpg\" alt=\"\" width=\"126\" height=\"178\" align=\"baseline\" \/><\/p>\n<p id=\"p116\" class=\"list-title\"><strong>PROCHOIX n\u00b0 14<\/strong> (juillet 2000) : Int\u00e9gristes chr\u00e9tiens \u00e0 l&rsquo;ONU &#8211; Loi Falloux &#8211; Accouchement sous X &#8211; homophobie &#8211; <span class=\"list-suite\"><a href=\"http:\/\/www.prochoix.org\/cgi\/blog\/index.php\/2000\/07\/12\/116-prochoix-n14-juillet-2000\">lire la suite<\/a><\/span><\/p>\n<\/div>\n<div class=\"list\">\n<p class=\"day-date\"><img loading=\"lazy\" decoding=\"async\" class=\"\" src=\"http:\/\/www.prochoix.org\/cgi\/blog\/images\/couvertures_prochoix_mini\/caroline_fourest_fiammetta_venner_prochoix_n13_mini.jpg\" alt=\"\" width=\"122\" height=\"175\" align=\"baseline\" \/><\/p>\n<p id=\"p117\" class=\"list-title\"><strong>PROCHOIX n\u00b0 13<\/strong> (f\u00e9vrier-mars 2000) : la\u00efcit\u00e9 en Alsace-Moselle &#8211; CAPEs de religion &#8211; pasteurs anti-gays &#8211; APPF &#8211; fichier raciste &#8211; <span class=\"list-suite\"><a href=\"http:\/\/www.prochoix.org\/cgi\/blog\/index.php\/2000\/03\/12\/117-prochoix-13-fevrier-2000\">lire la suite<\/a><\/span><\/p>\n<\/div>\n<div class=\"list\">\n<p class=\"day-date\"><img loading=\"lazy\" decoding=\"async\" class=\"\" src=\"http:\/\/www.prochoix.org\/cgi\/blog\/images\/couvertures_prochoix_mini\/caroline_fourest_fiammetta_venner_prochoix_n12_mini.jpg\" alt=\"\" width=\"123\" height=\"168\" align=\"baseline\" \/><\/p>\n<p id=\"p118\" class=\"list-title\"><strong>PROCHOIX n\u00b0 12<\/strong> (d\u00e9cembre 1999) : Choisir son pays &#8211; Asile &#8211; Fatwa anti-gay &#8211; Alliance pour la vie de Boutin &#8211; Norl\u00e9vo &#8211; Proc\u00e8s CGL\/Pr\u00e9sent &#8211; <span class=\"list-suite\"><a href=\"http:\/\/www.prochoix.org\/cgi\/blog\/index.php\/1999\/12\/24\/118-prochoix-n12-decembre-1999\">lire la suite<\/a><\/span><\/p>\n<\/div>\n<div class=\"list\">\n<p class=\"day-date\"><img loading=\"lazy\" decoding=\"async\" class=\"\" src=\"http:\/\/www.prochoix.org\/cgi\/blog\/images\/couvertures_prochoix_mini\/caroline_fourest_fiammetta_venner_prochoix_n11_mini.jpg\" alt=\"\" width=\"145\" height=\"205\" align=\"baseline\" \/><\/p>\n<p id=\"p119\" class=\"list-title\"><strong>PROCHOIX n\u00b0 11<\/strong> (septembre 1999) : Familles au pluriel &#8211; homoparentalit\u00e9 &#8211; UNAF &#8211; tutelles &#8211; Nisand &#8211; Saint Si\u00e8ge &#8211; FN &#8211; <span class=\"list-suite\"><a href=\"http:\/\/www.prochoix.org\/cgi\/blog\/index.php\/1999\/10\/11\/119-prochoix-n11-septembre-1999\">lire la suite<\/a><\/span><\/p>\n<\/div>\n<div class=\"list\">\n<p class=\"day-date\"><img loading=\"lazy\" decoding=\"async\" class=\"\" src=\"http:\/\/www.prochoix.org\/cgi\/blog\/images\/couvertures_prochoix_mini\/caroline_fourest_fiammetta_venner_prochoix_n10_mini.jpg\" alt=\"\" width=\"152\" height=\"217\" align=\"baseline\" \/><\/p>\n<p id=\"p120\" class=\"list-title\"><strong>PROCHOIX n\u00b0 10<\/strong> (avril 1999) : Les Charismatiques &#8211; d\u00e9put\u00e9s pacsables &#8211; Observatoire du PaCS &#8211; Outing &#8211; <span class=\"list-suite\"><a href=\"http:\/\/www.prochoix.org\/cgi\/blog\/index.php\/1999\/04\/12\/120-prochoix-n10-avril-1999\">lire la suite<\/a><\/span><\/p>\n<\/div>\n<div class=\"list\">\n<p class=\"day-date\"><img loading=\"lazy\" decoding=\"async\" class=\"\" src=\"http:\/\/www.prochoix.org\/cgi\/blog\/images\/couvertures_prochoix_mini\/caroline_fourest_fiammetta_venner_prochoix_n09_mini.jpg\" alt=\"\" width=\"148\" height=\"215\" align=\"baseline\" \/><\/p>\n<p id=\"p121\" class=\"list-title\"><strong>PROCHOIX n\u00b0 9<\/strong> (f\u00e9vrier 1999) : Caroline Fourest infiltre \u00ab\u00a0Laissez-les-vivre\u00a0\u00bb &#8211; RU 486 &#8211; Jeunesse Action chr\u00e9tient\u00e9 &#8211; ADMD &#8211; Egalit\u00e9 des sexualit\u00e9s &#8211; <span class=\"list-suite\"><a href=\"http:\/\/www.prochoix.org\/cgi\/blog\/index.php\/1999\/02\/12\/121-prochoix-n9-fevrier-1999\">lire la suite<\/a><\/span><\/p>\n<\/div>\n<div class=\"list\">\n<p class=\"day-date\"><img loading=\"lazy\" decoding=\"async\" class=\"\" src=\"http:\/\/www.prochoix.org\/cgi\/blog\/images\/couvertures_prochoix_mini\/caroline_fourest_fiammetta_venner_prochoix_n08_mini.jpg\" alt=\"\" width=\"137\" height=\"195\" align=\"baseline\" \/><\/p>\n<p id=\"p122\" class=\"list-title\"><strong>PROCHOIX n\u00b0 8<\/strong> (d\u00e9cembre 1998) : les F\u00e9ministes et la question juive &#8211; d\u00e9put\u00e9s anti-PaCS &#8211; Femmes en Bulgarie &#8211; <span class=\"list-suite\"><a href=\"http:\/\/www.prochoix.org\/cgi\/blog\/index.php\/1998\/12\/12\/122-prochoix-n8-decembre-1998\">lire la suite<\/a><\/span><\/p>\n<\/div>\n<div class=\"list\">\n<p class=\"day-date\"><img loading=\"lazy\" decoding=\"async\" class=\"\" src=\"http:\/\/www.prochoix.org\/cgi\/blog\/images\/couvertures_prochoix_mini\/caroline_fourest_fiammetta_venner_prochoix_n06_mini.jpg\" alt=\"\" width=\"128\" height=\"182\" align=\"baseline\" \/><\/p>\n<p id=\"p124\" class=\"list-title\"><strong>PROCHOIX n\u00b0 6<\/strong> (juillet 1998) : \u00ab\u00a0Prolife vs. prochoice\u00a0\u00bb aux USA &#8211; Droit de na\u00eetre &#8211; Proc\u00e8s des meutriers d&rsquo;Ibrahim Ali &#8211; <span class=\"list-suite\"><a href=\"http:\/\/www.prochoix.org\/cgi\/blog\/index.php\/1998\/07\/12\/124-prochoix-n6-juillet-1998\">lire la suite<\/a><\/span><\/p>\n<\/div>\n<div class=\"list\">\n<p class=\"day-date\"><img loading=\"lazy\" decoding=\"async\" class=\"\" src=\"http:\/\/www.prochoix.org\/cgi\/blog\/images\/couvertures_prochoix_mini\/caroline_fourest_fiammetta_venner_prochoix_n05_mini.jpg\" alt=\"\" width=\"133\" height=\"188\" align=\"baseline\" \/><\/p>\n<p id=\"p125\" class=\"list-title\"><strong>PROCHOIX n\u00b0 5<\/strong> (avril 1998) : Les sponsors de l&rsquo;extr\u00eame droite &#8211; p\u00e9tition des maires anti-CUS &#8211; D\u00e9portation pour homosexualit\u00e9 &#8211; <span class=\"list-suite\"><a href=\"http:\/\/www.prochoix.org\/cgi\/blog\/index.php\/1998\/04\/02\/125-prochoix-n5-avril-1998\">lire la suite<\/a><\/span><\/p>\n<\/div>\n<div class=\"list\">\n<p class=\"day-date\"><img loading=\"lazy\" decoding=\"async\" class=\"\" src=\"http:\/\/www.prochoix.org\/cgi\/blog\/images\/couvertures_prochoix_mini\/caroline_fourest_fiammetta_venner_prochoix_n04_mini.jpg\" alt=\"\" width=\"136\" height=\"192\" align=\"baseline\" \/><\/p>\n<p id=\"p126\" class=\"list-title\"><strong>PROCHOIX n\u00b0 4<\/strong> (mars 1998) : FN aux r\u00e9gionales &#8211; propagande provie &#8211; Pol\u00e9mique avec Jacques Testart &#8211; <span class=\"list-suite\"><a href=\"http:\/\/www.prochoix.org\/cgi\/blog\/index.php\/1998\/03\/12\/126-prochoix-n4-1998\">lire la suite<\/a><\/span><\/p>\n<\/div>\n<div class=\"list\">\n<p class=\"day-date\"><img loading=\"lazy\" decoding=\"async\" class=\"\" src=\"http:\/\/www.prochoix.org\/cgi\/blog\/images\/couvertures_prochoix_mini\/caroline_fourest_fiammetta_venner_prochoix_n03_mini.jpg\" alt=\"\" width=\"143\" height=\"204\" align=\"baseline\" \/><\/p>\n<p id=\"p127\" class=\"list-title\"><strong>PROCHOIX n\u00b0 3<\/strong> (f\u00e9vrier 1998) : R\u00e9visionisme \u00ab\u00a0provie\u00a0\u00bb &#8211; FN &#8211; <span class=\"list-suite\"><a href=\"http:\/\/www.prochoix.org\/cgi\/blog\/index.php\/1998\/02\/12\/127-prochoix-n3-fevrier-1998\">lire la suite<\/a><\/span><\/p>\n<\/div>\n<div class=\"list\">\n<p class=\"day-date\"><img loading=\"lazy\" decoding=\"async\" class=\"\" src=\"http:\/\/www.prochoix.org\/cgi\/blog\/images\/couvertures_prochoix_mini\/caroline_fourest_fiammetta_venner_prochoix_n02_mini.jpg\" alt=\"\" width=\"144\" height=\"205\" align=\"baseline\" \/><\/p>\n<p class=\"day-date\"><strong>PROCHOIX n\u00b02<\/strong> :\u00a0\u00a0M\u00e9decins anti-IVG \u00a0&#8211;\u00a0<span class=\"list-suite\"><a href=\"http:\/\/www.prochoix.org\/cgi\/blog\/index.php\/1998\/01\/12\/128-prochoix-n2-janvier-1998\">lire la suite<\/a><\/span><\/p>\n<div class=\"list\">\n<p id=\"p797\" class=\"list-title\">&#8211;\u00a0La bio &lsquo;none&rsquo; autoris\u00e9e de M\u00e8re T\u00e9r\u00e9sa (Moruni Turlot) &#8211;\u00a0<span class=\"list-suite\"><a href=\"http:\/\/www.prochoix.org\/cgi\/blog\/index.php\/1998\/01\/12\/797-prochoix-n2-la-bio-none-autorisee-de-mere-teresa-moruni-turlot\">lire la suite<\/a><\/span><\/p>\n<\/div>\n<div class=\"list\">\n<p id=\"p796\" class=\"list-title\">&#8211;\u00a0Les femmes sur le tapis de l&rsquo;Assembl\u00e9e &#8211; <span class=\"list-suite\"><a href=\"http:\/\/www.prochoix.org\/cgi\/blog\/index.php\/1998\/01\/12\/796-prochoix-n2-les-femmes-sur-le-tapis-de-l-assemblee\">lire la suite<\/a><\/span><\/p>\n<\/div>\n<div class=\"list\">\n<p id=\"p795\" class=\"list-title\">&#8211;\u00a0Entretien avec le Planning familial (Moruni Turlot) &#8211; <span class=\"list-suite\"><a href=\"http:\/\/www.prochoix.org\/cgi\/blog\/index.php\/1998\/01\/12\/795-prochoix-n2-entretien-avec-le-planning-familial-moruni-turlot\">lire la suite<\/a><\/span><\/p>\n<\/div>\n<div class=\"list\">\n<p id=\"p794\" class=\"list-title\">&#8211;\u00a0Xavier &lsquo;dort&rsquo; enfin en prison ! (Caroline Fourest) &#8211; <span class=\"list-suite\"><a href=\"http:\/\/www.prochoix.org\/cgi\/blog\/index.php\/1998\/01\/12\/794-prochoix-n2-xavier-dort-enfin-en-prison-caroline-fourest\">lire la suite<\/a><\/span><\/p>\n<\/div>\n<div class=\"list\">\n<p id=\"p793\" class=\"list-title\">&#8211;\u00a0Le Ver provie dans le fruit de la m\u00e9decine (Caroline Fourest, Fiammetta Venner) &#8211; <span class=\"list-suite\"><a href=\"http:\/\/www.prochoix.org\/cgi\/blog\/index.php\/1998\/01\/12\/793-prochoix-n2-le-ver-provie-dans-le-fruit-de-la-medecine-caroline-fourest-fiammetta-venner\">lire la suite<\/a><\/span><\/p>\n<\/div>\n<div class=\"list\">\n<p id=\"p792\" class=\"list-title\">&#8211;\u00a0En route vers le droit de choisir (Caroline Fourest, Fiammetta Venner) &#8211; <span class=\"list-suite\"><a href=\"http:\/\/www.prochoix.org\/cgi\/blog\/index.php\/1998\/01\/12\/792-prochoix-n2-en-route-vers-le-droit-de-choisir-caroline-fourest-fiammetta-venner\">lire la suite<\/a><\/span><\/p>\n<\/div>\n<\/div>\n<div class=\"list\">\n<p class=\"day-date\"><img loading=\"lazy\" decoding=\"async\" class=\"\" src=\"http:\/\/www.prochoix.org\/cgi\/blog\/images\/couvertures_prochoix_mini\/caroline_fourest_fiammetta_venner_prochoix_n01_mini.jpg\" alt=\"\" width=\"197\" height=\"281\" align=\"baseline\" \/><\/p>\n<p class=\"day-date\"><strong>PROCHOIX n\u00b01<\/strong> (12\/11\/1997)<\/p>\n<p id=\"p129\" class=\"list-title\">\u2022\u00a0\u00a0Etre \u00ab\u00a0prochoix\u00a0\u00bb face aux \u00ab\u00a0provie\u00a0\u00bb (Caroline Fourest) &#8211;\u00a0<span class=\"list-suite\"><a href=\"http:\/\/www.prochoix.org\/cgi\/blog\/index.php\/1997\/11\/12\/788-prochoix-n1-etre-prochoix-face-aux-provie-caroline-fourest\">lire la suite<\/a><\/span><\/p>\n<p class=\"list-title\">\u2022\u00a0Enqu\u00eate sur les provie (Fiammetta Venner) &#8211; <span class=\"list-suite\"><a href=\"http:\/\/www.prochoix.org\/cgi\/blog\/index.php\/1997\/11\/12\/787-prochoix-n1-enquete-sur-les-provie-fiammetta-venner\">lire la suite<\/a><\/span><\/p>\n<div class=\"list\">\n<p id=\"p786\" class=\"list-title\">\u2022\u00a0Edito (Caroline Fourest) &#8211; <span class=\"list-suite\"><a href=\"http:\/\/www.prochoix.org\/cgi\/blog\/index.php\/1997\/11\/12\/786-prochoix-n1-edito-caroline-fourest\">lire la suite<\/a><\/span><\/p>\n<\/div>\n<div class=\"list\">\n<p id=\"p785\" class=\"list-title\">\u2022\u00a0Choisir jusqu&rsquo;\u00e0 sa mort (Odile Dhavernas) &#8211; <span class=\"list-suite\"><a href=\"http:\/\/www.prochoix.org\/cgi\/blog\/index.php\/1997\/11\/12\/785-prochoix-n1-choisir-jusqu-a-sa-mort-odile-dhavernas\">lire la suite<\/a><\/span><\/p>\n<\/div>\n<div class=\"list\">\n<p id=\"p791\" class=\"list-title\">\u2022\u00a0Contre l&rsquo;ordre moral&#8230; tout l&rsquo;ordre moral (Nicole Sirejean) &#8211; <span class=\"list-suite\"><a href=\"http:\/\/www.prochoix.org\/cgi\/blog\/index.php\/1997\/11\/12\/791-prochoix-n1-contre-l-ordre-moral-tout-l-ordre-moral-nicole-sirejean\">lire la suite<\/a><\/span><\/p>\n<\/div>\n<div class=\"list\">\n<p id=\"p790\" class=\"list-title\">\u2022\u00a0Choix et Morale (Christian Terras) &#8211; <span class=\"list-suite\"><a href=\"http:\/\/www.prochoix.org\/cgi\/blog\/index.php\/1997\/11\/12\/790-prochoix-n1-choix-et-morale-christian-terras\">lire la suite<\/a><\/span><\/p>\n<\/div>\n<div class=\"list\">\n<p id=\"p789\" class=\"list-title\">\u2022\u00a0Un mouvement \u00ab\u00a0prochoix\u00a0\u00bb ? Pourquoi et sur quelles bases ? (Claudie Lesselier) &#8211; <span class=\"list-suite\"><a href=\"http:\/\/www.prochoix.org\/cgi\/blog\/index.php\/1997\/11\/12\/789-prochoix-n1-un-mouvement-prochoix-pourquoi-et-sur-quelles-bases-claudie-lesselier\">lire la suite<\/a><\/span><\/p>\n<\/div>\n<div class=\"list\"><\/div>\n<\/div>\n<p>&nbsp;<\/p>\n<p>&nbsp;<\/p>\n<\/div>\n","protected":false},"excerpt":{"rendered":"<p>La revue ProChoix est \u00e9dit\u00e9e par une association d&rsquo;investigation, de r\u00e9flexion et d&rsquo;information r\u00e9unissant des chercheurs, des journalistes et des citoyens dans le but de publier des analyses au service de la d\u00e9fense des libert\u00e9s individuelles menac\u00e9es par l&rsquo;essentialisme, le racisme, l&rsquo;int\u00e9grisme et toute id\u00e9ologie totalitaire ou anti-choix. \u00a0Sommaires PROCHOIX\u00a0n\u00b065 (\u00e9t\u00e9 2015) : Terrorisme raciste &hellip; <a href=\"https:\/\/prochoix.org\/?page_id=7\" class=\"more-link\">Continuer la lecture de <span class=\"screen-reader-text\">La Revue<\/span>  <span class=\"meta-nav\">&rarr;<\/span><\/a><\/p>\n","protected":false},"author":1,"featured_media":0,"parent":0,"menu_order":0,"comment_status":"open","ping_status":"open","template":"","meta":{"footnotes":""},"_links":{"self":[{"href":"https:\/\/prochoix.org\/index.php?rest_route=\/wp\/v2\/pages\/7"}],"collection":[{"href":"https:\/\/prochoix.org\/index.php?rest_route=\/wp\/v2\/pages"}],"about":[{"href":"https:\/\/prochoix.org\/index.php?rest_route=\/wp\/v2\/types\/page"}],"author":[{"embeddable":true,"href":"https:\/\/prochoix.org\/index.php?rest_route=\/wp\/v2\/users\/1"}],"replies":[{"embeddable":true,"href":"https:\/\/prochoix.org\/index.php?rest_route=%2Fwp%2Fv2%2Fcomments&post=7"}],"version-history":[{"count":20,"href":"https:\/\/prochoix.org\/index.php?rest_route=\/wp\/v2\/pages\/7\/revisions"}],"predecessor-version":[{"id":816,"href":"https:\/\/prochoix.org\/index.php?rest_route=\/wp\/v2\/pages\/7\/revisions\/816"}],"wp:attachment":[{"href":"https:\/\/prochoix.org\/index.php?rest_route=%2Fwp%2Fv2%2Fmedia&parent=7"}],"curies":[{"name":"wp","href":"https:\/\/api.w.org\/{rel}","templated":true}]}}